{"id":105,"date":"2025-10-30T03:22:17","date_gmt":"2025-10-30T03:22:17","guid":{"rendered":"https:\/\/amanta.com.ec\/blog\/?page_id=105"},"modified":"2025-11-05T15:47:09","modified_gmt":"2025-11-05T15:47:09","slug":"respiracion","status":"publish","type":"page","link":"https:\/\/amanta.com.ec\/blog\/respiracion\/","title":{"rendered":"Respiracion"},"content":{"rendered":"\t\t<div data-elementor-type=\"wp-page\" data-elementor-id=\"105\" class=\"elementor elementor-105\">\n\t\t\t\t<div class=\"elementor-element elementor-element-994e8f4 e-flex e-con-boxed e-con e-parent\" data-id=\"994e8f4\" data-element_type=\"container\" data-e-type=\"container\">\n\t\t\t\t\t<div class=\"e-con-inner\">\n\t\t\t\t<div class=\"elementor-element elementor-element-dbbf381 elementor-widget elementor-widget-heading\" data-id=\"dbbf381\" data-element_type=\"widget\" data-e-type=\"widget\" data-widget_type=\"heading.default\">\n\t\t\t\t\t<h2 class=\"elementor-heading-title elementor-size-default\">\u00bfPOR QU\u00c9 RESPIRAR TE HACE MEJOR LIDER?<\/h2>\t\t\t\t<\/div>\n\t\t\t\t\t<\/div>\n\t\t\t\t<\/div>\n\t\t<div class=\"elementor-element elementor-element-e9e1550 e-flex e-con-boxed e-con e-parent\" data-id=\"e9e1550\" data-element_type=\"container\" data-e-type=\"container\">\n\t\t\t\t\t<div class=\"e-con-inner\">\n\t\t\t\t<div class=\"elementor-element elementor-element-2498ee8 elementor-widget elementor-widget-image\" data-id=\"2498ee8\" data-element_type=\"widget\" data-e-type=\"widget\" data-widget_type=\"image.default\">\n\t\t\t\t\t\t\t\t\t\t\t\t\t\t\t<img fetchpriority=\"high\" decoding=\"async\" width=\"1920\" height=\"1080\" src=\"https:\/\/amanta.com.ec\/blog\/wp-content\/uploads\/2025\/11\/\u00bfPor-que-respirar-te-hace-mejor-lider.jpg\" class=\"attachment-full size-full wp-image-137\" alt=\"\" srcset=\"https:\/\/amanta.com.ec\/blog\/wp-content\/uploads\/2025\/11\/\u00bfPor-que-respirar-te-hace-mejor-lider.jpg 1920w, https:\/\/amanta.com.ec\/blog\/wp-content\/uploads\/2025\/11\/\u00bfPor-que-respirar-te-hace-mejor-lider-300x169.jpg 300w, https:\/\/amanta.com.ec\/blog\/wp-content\/uploads\/2025\/11\/\u00bfPor-que-respirar-te-hace-mejor-lider-1024x576.jpg 1024w, https:\/\/amanta.com.ec\/blog\/wp-content\/uploads\/2025\/11\/\u00bfPor-que-respirar-te-hace-mejor-lider-768x432.jpg 768w, https:\/\/amanta.com.ec\/blog\/wp-content\/uploads\/2025\/11\/\u00bfPor-que-respirar-te-hace-mejor-lider-1536x864.jpg 1536w\" sizes=\"(max-width: 1920px) 100vw, 1920px\" \/>\t\t\t\t\t\t\t\t\t\t\t\t\t\t\t<\/div>\n\t\t\t\t\t<\/div>\n\t\t\t\t<\/div>\n\t\t<div class=\"elementor-element elementor-element-acde6cc e-flex e-con-boxed e-con e-parent\" data-id=\"acde6cc\" data-element_type=\"container\" data-e-type=\"container\">\n\t\t\t\t\t<div class=\"e-con-inner\">\n\t\t\t\t<div class=\"elementor-element elementor-element-3f8e343 elementor-widget elementor-widget-text-editor\" data-id=\"3f8e343\" data-element_type=\"widget\" data-e-type=\"widget\" data-widget_type=\"text-editor.default\">\n\t\t\t\t\t\t\t\t\t<p>En un entorno empresarial donde los l\u00edderes viven conectados a m\u00e9tricas, deadlines y resultados, hay una variable silenciosa que est\u00e1 redefiniendo el desempe\u00f1o humano: la respiraci\u00f3n.<\/p><p>S\u00ed, respirar, aquello que hacemos de manera autom\u00e1tica, pero que cuando lo hacemos con conciencia, puede reprogramar nuestra mente, equilibrar nuestras emociones y fortalecer nuestra comunicaci\u00f3n con los dem\u00e1s.<\/p><p>Desde Amanta, quisimos comprobarlo con datos. Junto a Sajeva Hurtado, creadora del programa Respiraci\u00f3n Neuroepigen\u00e9tica y fundadora de Ll\u00e9nate de Vida, realizamos un estudio internacional que midi\u00f3 cient\u00edficamente c\u00f3mo una pr\u00e1ctica de respiraci\u00f3n guiada puede transformar el bienestar de las personas y, por extensi\u00f3n, el liderazgo dentro de las organizaciones.<\/p>\t\t\t\t\t\t\t\t<\/div>\n\t\t\t\t\t<\/div>\n\t\t\t\t<\/div>\n\t\t<div class=\"elementor-element elementor-element-0cad73e e-flex e-con-boxed e-con e-parent\" data-id=\"0cad73e\" data-element_type=\"container\" data-e-type=\"container\">\n\t\t\t\t\t<div class=\"e-con-inner\">\n\t\t\t\t<div class=\"elementor-element elementor-element-ff69eba elementor-widget elementor-widget-heading\" data-id=\"ff69eba\" data-element_type=\"widget\" data-e-type=\"widget\" data-widget_type=\"heading.default\">\n\t\t\t\t\t<h2 class=\"elementor-heading-title elementor-size-default\">\ud83d\udccaUN ESTUDIO QUE UNE CIENCIA, BIENESTAR Y LIDERAZGO.\n\n<\/h2>\t\t\t\t<\/div>\n\t\t\t\t\t<\/div>\n\t\t\t\t<\/div>\n\t\t<div class=\"elementor-element elementor-element-247b360 e-flex e-con-boxed e-con e-parent\" data-id=\"247b360\" data-element_type=\"container\" data-e-type=\"container\">\n\t\t\t\t\t<div class=\"e-con-inner\">\n\t\t\t\t<div class=\"elementor-element elementor-element-38a5ee1 elementor-widget elementor-widget-text-editor\" data-id=\"38a5ee1\" data-element_type=\"widget\" data-e-type=\"widget\" data-widget_type=\"text-editor.default\">\n\t\t\t\t\t\t\t\t\t<p>Dise\u00f1amos una investigaci\u00f3n cuantitativa de tipo pre\u2013post intervenci\u00f3n, con una duraci\u00f3n de siete d\u00edas.<\/p><p>Participaron 4.438 personas (de las cuales 3.732 completaron los datos demogr\u00e1ficos), procedentes de Am\u00e9rica del Sur, Norte, Europa y Ocean\u00eda.\u00a0 El 94 % fueron mujeres, una cifra relevante considerando la creciente presencia femenina en posiciones de liderazgo.<\/p><p>Se evaluaron cinco dimensiones del bienestar: fisiol\u00f3gica, emocional, mental, relacional y sexual, aunque el foco de este art\u00edculo se centra en las tres m\u00e1s vinculadas al entorno corporativo: emocional, mental y relacional.<\/p>\t\t\t\t\t\t\t\t<\/div>\n\t\t\t\t\t<\/div>\n\t\t\t\t<\/div>\n\t\t<div class=\"elementor-element elementor-element-61c5092 e-flex e-con-boxed e-con e-parent\" data-id=\"61c5092\" data-element_type=\"container\" data-e-type=\"container\">\n\t\t\t\t\t<div class=\"e-con-inner\">\n\t\t\t\t<div class=\"elementor-element elementor-element-c2160e1 elementor-widget elementor-widget-image\" data-id=\"c2160e1\" data-element_type=\"widget\" data-e-type=\"widget\" data-widget_type=\"image.default\">\n\t\t\t\t\t\t\t\t\t\t\t\t\t\t\t<img decoding=\"async\" width=\"800\" height=\"471\" src=\"https:\/\/amanta.com.ec\/blog\/wp-content\/uploads\/2025\/10\/muestra-1024x603.png\" class=\"attachment-large size-large wp-image-110\" alt=\"\" srcset=\"https:\/\/amanta.com.ec\/blog\/wp-content\/uploads\/2025\/10\/muestra-1024x603.png 1024w, https:\/\/amanta.com.ec\/blog\/wp-content\/uploads\/2025\/10\/muestra-300x177.png 300w, https:\/\/amanta.com.ec\/blog\/wp-content\/uploads\/2025\/10\/muestra-768x452.png 768w, https:\/\/amanta.com.ec\/blog\/wp-content\/uploads\/2025\/10\/muestra.png 1027w\" sizes=\"(max-width: 800px) 100vw, 800px\" \/>\t\t\t\t\t\t\t\t\t\t\t\t\t\t\t<\/div>\n\t\t\t\t\t<\/div>\n\t\t\t\t<\/div>\n\t\t<div class=\"elementor-element elementor-element-548c158 e-flex e-con-boxed e-con e-parent\" data-id=\"548c158\" data-element_type=\"container\" data-e-type=\"container\">\n\t\t\t\t\t<div class=\"e-con-inner\">\n\t\t\t\t<div class=\"elementor-element elementor-element-ae89a7d elementor-widget elementor-widget-heading\" data-id=\"ae89a7d\" data-element_type=\"widget\" data-e-type=\"widget\" data-widget_type=\"heading.default\">\n\t\t\t\t\t<h2 class=\"elementor-heading-title elementor-size-default\">\ud83d\udc93EMOCIONES QUE SE RESPIRAN MEJOR.\n\n\n<\/h2>\t\t\t\t<\/div>\n\t\t\t\t\t<\/div>\n\t\t\t\t<\/div>\n\t\t<div class=\"elementor-element elementor-element-e86ce4e e-flex e-con-boxed e-con e-parent\" data-id=\"e86ce4e\" data-element_type=\"container\" data-e-type=\"container\">\n\t\t\t\t\t<div class=\"e-con-inner\">\n\t\t<div class=\"elementor-element elementor-element-6030789 e-con-full e-flex e-con e-child\" data-id=\"6030789\" data-element_type=\"container\" data-e-type=\"container\">\n\t\t\t\t<div class=\"elementor-element elementor-element-25277ce elementor-widget elementor-widget-text-editor\" data-id=\"25277ce\" data-element_type=\"widget\" data-e-type=\"widget\" data-widget_type=\"text-editor.default\">\n\t\t\t\t\t\t\t\t\t<p>Durante los siete d\u00edas del estudio, uno de los hallazgos mas significativos fueron que, las emociones negativas (miedo, tristeza, enojo, frustraci\u00f3n) disminuyeron dr\u00e1sticamente, mientras que las emociones positivas (alegr\u00eda, amor, confianza y paz) aumentaron de forma sostenida.<\/p><p>\ud83d\udc49 La mejora emocional alcanz\u00f3 un 86 %, demostrando que la respiraci\u00f3n consciente act\u00faa como un regulador emocional natural.<\/p><p>Imag\u00ednalo, menos ansiedad significa l\u00edderes m\u00e1s estables; y l\u00edderes m\u00e1s estables toman decisiones m\u00e1s inteligentes y humanas. \u00bfTe suena congruente?<\/p>\t\t\t\t\t\t\t\t<\/div>\n\t\t\t\t<\/div>\n\t\t<div class=\"elementor-element elementor-element-7cae37e e-con-full e-flex e-con e-child\" data-id=\"7cae37e\" data-element_type=\"container\" data-e-type=\"container\">\n\t\t<div class=\"elementor-element elementor-element-af7d7f6 e-con-full e-flex e-con e-child\" data-id=\"af7d7f6\" data-element_type=\"container\" data-e-type=\"container\">\n\t\t\t\t<div class=\"elementor-element elementor-element-b4ccbc7 elementor-widget__width-initial elementor-widget-mobile__width-initial elementor-widget elementor-widget-image\" data-id=\"b4ccbc7\" data-element_type=\"widget\" data-e-type=\"widget\" data-widget_type=\"image.default\">\n\t\t\t\t\t\t\t\t\t\t\t\t\t\t\t<img decoding=\"async\" width=\"800\" height=\"451\" src=\"https:\/\/amanta.com.ec\/blog\/wp-content\/uploads\/2025\/10\/emociones-negativas-1024x577.png\" class=\"attachment-large size-large wp-image-108\" alt=\"\" srcset=\"https:\/\/amanta.com.ec\/blog\/wp-content\/uploads\/2025\/10\/emociones-negativas-1024x577.png 1024w, https:\/\/amanta.com.ec\/blog\/wp-content\/uploads\/2025\/10\/emociones-negativas-300x169.png 300w, https:\/\/amanta.com.ec\/blog\/wp-content\/uploads\/2025\/10\/emociones-negativas-768x433.png 768w, https:\/\/amanta.com.ec\/blog\/wp-content\/uploads\/2025\/10\/emociones-negativas.png 1074w\" sizes=\"(max-width: 800px) 100vw, 800px\" \/>\t\t\t\t\t\t\t\t\t\t\t\t\t\t\t<\/div>\n\t\t\t\t<\/div>\n\t\t<div class=\"elementor-element elementor-element-fa548c5 e-con-full e-flex e-con e-child\" data-id=\"fa548c5\" data-element_type=\"container\" data-e-type=\"container\">\n\t\t\t\t<div class=\"elementor-element elementor-element-62f0ed5 elementor-widget__width-initial elementor-widget-mobile__width-initial elementor-widget elementor-widget-image\" data-id=\"62f0ed5\" data-element_type=\"widget\" data-e-type=\"widget\" data-widget_type=\"image.default\">\n\t\t\t\t\t\t\t\t\t\t\t\t\t\t\t<img loading=\"lazy\" decoding=\"async\" width=\"800\" height=\"449\" src=\"https:\/\/amanta.com.ec\/blog\/wp-content\/uploads\/2025\/10\/emociones-positivas-1024x575.png\" class=\"attachment-large size-large wp-image-109\" alt=\"\" srcset=\"https:\/\/amanta.com.ec\/blog\/wp-content\/uploads\/2025\/10\/emociones-positivas-1024x575.png 1024w, https:\/\/amanta.com.ec\/blog\/wp-content\/uploads\/2025\/10\/emociones-positivas-300x168.png 300w, https:\/\/amanta.com.ec\/blog\/wp-content\/uploads\/2025\/10\/emociones-positivas-768x431.png 768w, https:\/\/amanta.com.ec\/blog\/wp-content\/uploads\/2025\/10\/emociones-positivas.png 1074w\" sizes=\"(max-width: 800px) 100vw, 800px\" \/>\t\t\t\t\t\t\t\t\t\t\t\t\t\t\t<\/div>\n\t\t\t\t<\/div>\n\t\t\t\t<\/div>\n\t\t\t\t\t<\/div>\n\t\t\t\t<\/div>\n\t\t<div class=\"elementor-element elementor-element-ab8bc7d e-flex e-con-boxed e-con e-parent\" data-id=\"ab8bc7d\" data-element_type=\"container\" data-e-type=\"container\">\n\t\t\t\t\t<div class=\"e-con-inner\">\n\t\t\t\t<div class=\"elementor-element elementor-element-2e950ab elementor-widget elementor-widget-heading\" data-id=\"2e950ab\" data-element_type=\"widget\" data-e-type=\"widget\" data-widget_type=\"heading.default\">\n\t\t\t\t\t<h2 class=\"elementor-heading-title elementor-size-default\">\ud83e\uddd8CLARIDAD MENTAL Y ENFOQUE EN EL PRESENTE.\n\n\n<\/h2>\t\t\t\t<\/div>\n\t\t\t\t\t<\/div>\n\t\t\t\t<\/div>\n\t\t<div class=\"elementor-element elementor-element-ff5afc5 e-flex e-con-boxed e-con e-parent\" data-id=\"ff5afc5\" data-element_type=\"container\" data-e-type=\"container\">\n\t\t\t\t\t<div class=\"e-con-inner\">\n\t\t\t\t<div class=\"elementor-element elementor-element-3c7c7da elementor-widget elementor-widget-text-editor\" data-id=\"3c7c7da\" data-element_type=\"widget\" data-e-type=\"widget\" data-widget_type=\"text-editor.default\">\n\t\t\t\t\t\t\t\t\t<p>En el bloque mental, los resultados fueron igual de contundentes:<\/p><ul><li>El 81 % de los participantes mejor\u00f3 su claridad mental y su flujo creativo.<\/li><li>El n\u00famero de personas que lograban mantenerse \u201cen el presente\u201d creci\u00f3 del 46 % al 80 % en apenas una semana.<\/li><\/ul><p>\u00a0<\/p><p>Esto significa que la mente deja de viajar al pasado (culpa, nostalgia) o al futuro (ansiedad, preocupaci\u00f3n), y se enfoca en lo que realmente importa: el ahora.<\/p><p><br \/>En el lenguaje del liderazgo, eso se traduce en mayor atenci\u00f3n plena, mejores decisiones y m\u00e1s productividad.<\/p><p style=\"text-align: center;\"><span style=\"color: #2638ba;\"><strong>\u00bfTe estas dando cuenta el alcance que tiene meditar?<\/strong><\/span><\/p>\t\t\t\t\t\t\t\t<\/div>\n\t\t\t\t\t<\/div>\n\t\t\t\t<\/div>\n\t\t<div class=\"elementor-element elementor-element-906a023 e-flex e-con-boxed e-con e-parent\" data-id=\"906a023\" data-element_type=\"container\" data-e-type=\"container\">\n\t\t\t\t\t<div class=\"e-con-inner\">\n\t\t\t\t<div class=\"elementor-element elementor-element-da11904 elementor-widget elementor-widget-image\" data-id=\"da11904\" data-element_type=\"widget\" data-e-type=\"widget\" data-widget_type=\"image.default\">\n\t\t\t\t\t\t\t\t\t\t\t\t\t\t\t<img loading=\"lazy\" decoding=\"async\" width=\"800\" height=\"451\" src=\"https:\/\/amanta.com.ec\/blog\/wp-content\/uploads\/2025\/10\/mente-1024x577.png\" class=\"attachment-large size-large wp-image-122\" alt=\"\" srcset=\"https:\/\/amanta.com.ec\/blog\/wp-content\/uploads\/2025\/10\/mente-1024x577.png 1024w, https:\/\/amanta.com.ec\/blog\/wp-content\/uploads\/2025\/10\/mente-300x169.png 300w, https:\/\/amanta.com.ec\/blog\/wp-content\/uploads\/2025\/10\/mente-768x433.png 768w, https:\/\/amanta.com.ec\/blog\/wp-content\/uploads\/2025\/10\/mente.png 1072w\" sizes=\"(max-width: 800px) 100vw, 800px\" \/>\t\t\t\t\t\t\t\t\t\t\t\t\t\t\t<\/div>\n\t\t\t\t\t<\/div>\n\t\t\t\t<\/div>\n\t\t<div class=\"elementor-element elementor-element-256c799 e-flex e-con-boxed e-con e-parent\" data-id=\"256c799\" data-element_type=\"container\" data-e-type=\"container\">\n\t\t\t\t\t<div class=\"e-con-inner\">\n\t\t\t\t<div class=\"elementor-element elementor-element-9a33686 elementor-widget elementor-widget-heading\" data-id=\"9a33686\" data-element_type=\"widget\" data-e-type=\"widget\" data-widget_type=\"heading.default\">\n\t\t\t\t\t<h2 class=\"elementor-heading-title elementor-size-default\">\ud83e\udd1dRELACIONES QUE SE RESPIRAN.\n\n\n\n<\/h2>\t\t\t\t<\/div>\n\t\t\t\t\t<\/div>\n\t\t\t\t<\/div>\n\t\t<div class=\"elementor-element elementor-element-beffc8b e-flex e-con-boxed e-con e-parent\" data-id=\"beffc8b\" data-element_type=\"container\" data-e-type=\"container\">\n\t\t\t\t\t<div class=\"e-con-inner\">\n\t\t\t\t<div class=\"elementor-element elementor-element-7600b19 elementor-widget elementor-widget-text-editor\" data-id=\"7600b19\" data-element_type=\"widget\" data-e-type=\"widget\" data-widget_type=\"text-editor.default\">\n\t\t\t\t\t\t\t\t\t<p>Y el tercer gran hallazgo tiene que ver con las relaciones sociales.<br \/><strong>El 65 % de los participantes report\u00f3 una mejora significativa en su capacidad de comunicaci\u00f3n y escucha emp\u00e1tica.<\/strong><\/p><p>Variables como la atenci\u00f3n al otro, la gesti\u00f3n de l\u00edmites y la empat\u00eda activa aumentaron de forma sostenida.<\/p><p>Estas fueron algunas de las reflexiones m\u00e1s potentes que reflejan esa transformaci\u00f3n:<\/p><ul><li>\u201cHe notado que me comunico mejor con mi familia y con mi equipo de trabajo.\u201d<\/li><li>\u201cHe aprendido a confiar m\u00e1s en m\u00ed mismo y a tomar decisiones sin dudar.\u201d<\/li><\/ul><p>Y es que cuando las emociones est\u00e1n en equilibrio y la mente est\u00e1 enfocada, las relaciones humanas tanto dentro como fuera de la empresa, comienzan a respirar al mismo ritmo.<\/p>\t\t\t\t\t\t\t\t<\/div>\n\t\t\t\t\t<\/div>\n\t\t\t\t<\/div>\n\t\t<div class=\"elementor-element elementor-element-d46d178 e-flex e-con-boxed e-con e-parent\" data-id=\"d46d178\" data-element_type=\"container\" data-e-type=\"container\">\n\t\t\t\t\t<div class=\"e-con-inner\">\n\t\t\t\t<div class=\"elementor-element elementor-element-6dc507c elementor-widget elementor-widget-heading\" data-id=\"6dc507c\" data-element_type=\"widget\" data-e-type=\"widget\" data-widget_type=\"heading.default\">\n\t\t\t\t\t<h2 class=\"elementor-heading-title elementor-size-default\">\ud83d\udcc8 EL IMPACTO EMPRESARIAL\n\n\n\n\n<\/h2>\t\t\t\t<\/div>\n\t\t\t\t\t<\/div>\n\t\t\t\t<\/div>\n\t\t<div class=\"elementor-element elementor-element-e4e44d7 e-flex e-con-boxed e-con e-parent\" data-id=\"e4e44d7\" data-element_type=\"container\" data-e-type=\"container\">\n\t\t\t\t\t<div class=\"e-con-inner\">\n\t\t\t\t<div class=\"elementor-element elementor-element-8c98a2e elementor-widget elementor-widget-text-editor\" data-id=\"8c98a2e\" data-element_type=\"widget\" data-e-type=\"widget\" data-widget_type=\"text-editor.default\">\n\t\t\t\t\t\t\t\t\t<p>Un estudio de Harvard Business Review se\u00f1ala que los equipos con l\u00edderes emocionalmente equilibrados son hasta un 60 % m\u00e1s productivos.<\/p><p>Nuestra investigaci\u00f3n refuerza esa correlaci\u00f3n: al regular las emociones y ampliar la claridad mental, la respiraci\u00f3n consciente reduce el estr\u00e9s, mejora la toma de decisiones y aumenta la cohesi\u00f3n en los equipos. Respirar no solo es una pr\u00e1ctica de bienestar: es una estrategia de productividad sostenible.<\/p>\t\t\t\t\t\t\t\t<\/div>\n\t\t\t\t\t<\/div>\n\t\t\t\t<\/div>\n\t\t<div class=\"elementor-element elementor-element-91b1d90 e-flex e-con-boxed e-con e-parent\" data-id=\"91b1d90\" data-element_type=\"container\" data-e-type=\"container\">\n\t\t\t\t\t<div class=\"e-con-inner\">\n\t\t\t\t<div class=\"elementor-element elementor-element-f9ea675 elementor-widget elementor-widget-heading\" data-id=\"f9ea675\" data-element_type=\"widget\" data-e-type=\"widget\" data-widget_type=\"heading.default\">\n\t\t\t\t\t<h2 class=\"elementor-heading-title elementor-size-default\">\ud83e\udde9 CONCLUSI\u00d3N\n\n\n\n\n\n<\/h2>\t\t\t\t<\/div>\n\t\t\t\t\t<\/div>\n\t\t\t\t<\/div>\n\t\t<div class=\"elementor-element elementor-element-033e54b e-flex e-con-boxed e-con e-parent\" data-id=\"033e54b\" data-element_type=\"container\" data-e-type=\"container\">\n\t\t\t\t\t<div class=\"e-con-inner\">\n\t\t\t\t<div class=\"elementor-element elementor-element-eec51d9 elementor-widget elementor-widget-text-editor\" data-id=\"eec51d9\" data-element_type=\"widget\" data-e-type=\"widget\" data-widget_type=\"text-editor.default\">\n\t\t\t\t\t\t\t\t\t<p>En un mundo saturado de estrategias, algoritmos y ruido digital, volver a lo esencial es una revoluci\u00f3n silenciosa. Respirar con conciencia no es una moda wellness, es una pr\u00e1ctica con impacto medible en la mente, las emociones y las relaciones humanas.<\/p><p>Si liderar es influir, entonces la respiraci\u00f3n es el punto de partida de toda influencia positiva.<span style=\"color: #333399;\"><strong> \u00a1TE INVITO A VIBRAR ALTO!<\/strong><\/span><\/p><p><span style=\"color: #808080;\">Estudio realizado por Amanta \u2013 La Data habla m<\/span>\u00e1s fuerte que las palabras.Para y en colaboraci\u00f3n con Sajeeva Hurtado, creadora de Respiraci\u00f3n Neuroepigen\u00e9tica y fundadora de Ll\u00e9nate\u00a0de\u00a0Vida.<\/p>\t\t\t\t\t\t\t\t<\/div>\n\t\t\t\t\t<\/div>\n\t\t\t\t<\/div>\n\t\t<div class=\"elementor-element elementor-element-6bb5868 e-flex e-con-boxed e-con e-parent\" data-id=\"6bb5868\" data-element_type=\"container\" data-e-type=\"container\">\n\t\t\t\t\t<div class=\"e-con-inner\">\n\t\t\t\t<div class=\"elementor-element elementor-element-4c25b7c elementor-widget elementor-widget-text-editor\" data-id=\"4c25b7c\" data-element_type=\"widget\" data-e-type=\"widget\" data-widget_type=\"text-editor.default\">\n\t\t\t\t\t\t\t\t\t<p>Ar\u00edculo escrio por Chris Ticina<\/p><p><a href=\"http:\/\/www.christicina.amanta.com.ec\/credenciales\">www.christicina.amanta.com.ec\/credenciales<\/a><\/p>\t\t\t\t\t\t\t\t<\/div>\n\t\t\t\t\t<\/div>\n\t\t\t\t<\/div>\n\t\t\t\t<\/div>\n\t\t","protected":false},"excerpt":{"rendered":"<p>\u00bfPOR QU\u00c9 RESPIRAR TE HACE MEJOR LIDER? En un entorno empresarial donde los l\u00edderes viven conectados a m\u00e9tricas, deadlines y resultados, hay una variable silenciosa que est\u00e1 redefiniendo el desempe\u00f1o humano: la respiraci\u00f3n. S\u00ed, respirar, aquello que hacemos de manera autom\u00e1tica, pero que cuando lo hacemos con conciencia, puede reprogramar nuestra mente, equilibrar nuestras emociones [&hellip;]<\/p>\n","protected":false},"author":1,"featured_media":0,"parent":0,"menu_order":0,"comment_status":"closed","ping_status":"closed","template":"","meta":{"footnotes":""},"class_list":["post-105","page","type-page","status-publish","hentry"],"aioseo_notices":[],"_links":{"self":[{"href":"https:\/\/amanta.com.ec\/blog\/wp-json\/wp\/v2\/pages\/105","targetHints":{"allow":["GET"]}}],"collection":[{"href":"https:\/\/amanta.com.ec\/blog\/wp-json\/wp\/v2\/pages"}],"about":[{"href":"https:\/\/amanta.com.ec\/blog\/wp-json\/wp\/v2\/types\/page"}],"author":[{"embeddable":true,"href":"https:\/\/amanta.com.ec\/blog\/wp-json\/wp\/v2\/users\/1"}],"replies":[{"embeddable":true,"href":"https:\/\/amanta.com.ec\/blog\/wp-json\/wp\/v2\/comments?post=105"}],"version-history":[{"count":17,"href":"https:\/\/amanta.com.ec\/blog\/wp-json\/wp\/v2\/pages\/105\/revisions"}],"predecessor-version":[{"id":140,"href":"https:\/\/amanta.com.ec\/blog\/wp-json\/wp\/v2\/pages\/105\/revisions\/140"}],"wp:attachment":[{"href":"https:\/\/amanta.com.ec\/blog\/wp-json\/wp\/v2\/media?parent=105"}],"curies":[{"name":"wp","href":"https:\/\/api.w.org\/{rel}","templated":true}]}}